{"id":1599,"date":"2017-05-08T11:04:38","date_gmt":"2017-05-08T11:04:38","guid":{"rendered":"http:\/\/www.afiesa.com\/asesoria-sociedades-mallorca\/"},"modified":"2024-04-10T08:01:10","modified_gmt":"2024-04-10T08:01:10","slug":"assessoria-societats-mallorca","status":"publish","type":"page","link":"https:\/\/www.afiesa.com\/ca\/assessoria-societats-mallorca\/","title":{"rendered":"Assessoria per a Empreses i Societats"},"content":{"rendered":"<p><div class=\"fusion-fullwidth fullwidth-box fusion-builder-row-1 nonhundred-percent-fullwidth non-hundred-percent-height-scrolling\" style=\"--awb-border-radius-top-left:0px;--awb-border-radius-top-right:0px;--awb-border-radius-bottom-right:0px;--awb-border-radius-bottom-left:0px;--awb-flex-wrap:wrap;\" ><div class=\"fusion-builder-row fusion-row\"><div class=\"fusion-layout-column fusion_builder_column fusion-builder-column-0 fusion_builder_column_1_1 1_1 fusion-one-full fusion-column-first fusion-column-last\" style=\"--awb-bg-size:cover;\"><div class=\"fusion-column-wrapper fusion-flex-column-wrapper-legacy\">\n<div class=\"fusion-slider-revolution rev_slider_wrapper\">\t\t\t<!-- START empresas_ca REVOLUTION SLIDER 6.7.35 --><p class=\"rs-p-wp-fix\"><\/p>\n\t\t\t<rs-module-wrap id=\"rev_slider_15_1_wrapper\" data-source=\"gallery\" style=\"visibility:hidden;background:transparent;padding:0;margin:0px auto;margin-top:0;margin-bottom:0;\">\n\t\t\t\t<rs-module id=\"rev_slider_15_1\" style=\"\" data-version=\"6.7.35\">\n\t\t\t\t\t<rs-slides style=\"overflow: hidden; position: absolute;\">\n\t\t\t\t\t\t<rs-slide style=\"position: absolute;\" data-key=\"rs-24\" data-title=\"Slide\" data-anim=\"adpr:false;\">\n\t\t\t\t\t\t\t<img decoding=\"async\" src=\"\/\/www.afiesa.com\/wp-content\/plugins\/revslider\/sr6\/assets\/assets\/dummy.png\" alt=\"asesor\u00eda de sociedades en mallorca\" title=\"empresas.jpg\" width=\"1900\" height=\"700\" class=\"rev-slidebg tp-rs-img rs-lazyload\" data-lazyload=\"\/\/www.afiesa.com\/wp-content\/uploads\/revslider\/empresas\/empresas.jpg\" data-no-retina>\n<!--\n\t\t\t\t\t\t\t--><rs-layer\n\t\t\t\t\t\t\t\tid=\"slider-15-slide-24-layer-1\" \n\t\t\t\t\t\t\t\tclass=\"Fashion-BigDisplay\"\n\t\t\t\t\t\t\t\tdata-type=\"text\"\n\t\t\t\t\t\t\t\tdata-color=\"#ffffff\"\n\t\t\t\t\t\t\t\tdata-rsp_ch=\"on\"\n\t\t\t\t\t\t\t\tdata-xy=\"x:c;y:c;yo:1px;\"\n\t\t\t\t\t\t\t\tdata-text=\"s:60;l:60;fw:900;a:inherit;\"\n\t\t\t\t\t\t\t\tdata-frame_0=\"tp:600;\"\n\t\t\t\t\t\t\t\tdata-frame_1=\"tp:600;sR:10;\"\n\t\t\t\t\t\t\t\tdata-frame_999=\"o:0;tp:600;st:w;sR:2690;\"\n\t\t\t\t\t\t\t\tstyle=\"z-index:5;font-family:'Raleway';letter-spacing:2px;\"\n\t\t\t\t\t\t\t>SOCIETATS \n\t\t\t\t\t\t\t<\/rs-layer><!--\n-->\t\t\t\t\t<\/rs-slide>\n\t\t\t\t\t<\/rs-slides>\n\t\t\t\t<\/rs-module>\n\t\t\t\t<script>\n\t\t\t\t\tsetREVStartSize({c: 'rev_slider_15_1',rl:[1240,1024,778,480],el:[],gw:[1240],gh:[700],type:'standard',justify:'',layout:'fullwidth',mh:\"0\"});if (window.RS_MODULES!==undefined && window.RS_MODULES.modules!==undefined && window.RS_MODULES.modules[\"revslider151\"]!==undefined) {window.RS_MODULES.modules[\"revslider151\"].once = false;window.revapi15 = undefined;if (window.RS_MODULES.checkMinimal!==undefined) window.RS_MODULES.checkMinimal()}\n\t\t\t\t<\/script>\n\t\t\t<\/rs-module-wrap>\n\t\t\t<!-- END REVOLUTION SLIDER -->\n<\/div><div class=\"fusion-clearfix\"><\/div><\/div><\/div><\/div><\/div><div class=\"fusion-fullwidth fullwidth-box fusion-builder-row-2 fusion-parallax-none nonhundred-percent-fullwidth non-hundred-percent-height-scrolling\" style=\"--awb-background-position:center top;--awb-border-radius-top-left:0px;--awb-border-radius-top-right:0px;--awb-border-radius-bottom-right:0px;--awb-border-radius-bottom-left:0px;--awb-margin-top:1px;--awb-background-image:url(&quot;http:\/\/www.afiesa.com\/wp-content\/uploads\/cinta1-1-1.jpg&quot;);--awb-background-size:cover;--awb-flex-wrap:wrap;\" ><div class=\"fusion-builder-row fusion-row\"><div class=\"fusion-layout-column fusion_builder_column fusion-builder-column-1 fusion_builder_column_2_3 2_3 fusion-two-third fusion-column-first\" style=\"--awb-padding-top:90px;--awb-bg-size:cover;width:66.666666666667%;width:calc(66.666666666667% - ( ( 4% ) * 0.66666666666667 ) );margin-right: 4%;\"><div class=\"fusion-column-wrapper fusion-flex-column-wrapper-legacy\"><div class=\"fusion-title title fusion-title-1 fusion-sep-none fusion-title-text fusion-title-size-one\"><h1 class=\"fusion-title-heading title-heading-left fusion-responsive-typography-calculated\" style=\"margin:0;--fontSize:34;line-height:1.40;\"><span id=\"result_box\" class=\"short_text\" lang=\"ca\" tabindex=\"-1\">Assessoria per a Empreses i Societats<\/span><\/h1><\/div><div class=\"fusion-sep-clear\"><\/div><div class=\"fusion-separator fusion-clearfix\" style=\"float:left;margin-bottom:30px;width:100%;max-width:203px;\"><div class=\"fusion-separator-border sep-single sep-solid\" style=\"--awb-height:20px;--awb-amount:20px;--awb-sep-color:#fed03d;border-color:#fed03d;border-top-width:2px;\"><\/div><\/div><div class=\"fusion-sep-clear\"><\/div><div class=\"fusion-text fusion-text-1\" style=\"--awb-text-transform:none;\"><p>Des de la presentaci\u00f3 d&#8217;impostos al registre comptable o auditoria de comptes. A Afiesa oferim un paquet de <strong>serveis d&#8217;assessoria per a societats a Mallorca<\/strong>, ajustats a la grand\u00e0ria de la seva empresa i activitat.<\/p>\n<p><strong>Claus de l&#8217;\u00e8xit<\/strong><br \/>\nLes bases de la nostra assessoria empresarial, ja sigui per a societats limitades, unipersonals o an\u00f2nimes s\u00f3n les seg\u00fcents:<\/p>\n<ul>\n<li><strong>Coneixement Legal i Fiscal<\/strong>: La capacitat de l&#8217;assessoria per a comprendre i mantenir-se actualitzada quant a la legislaci\u00f3 i normatives fiscals i legals \u00e9s crucial. Aix\u00f2 inclou la capacitat de proporcionar orientaci\u00f3 sobre l&#8217;estructura fiscal m\u00e9s eficient i el compliment normatiu.<\/li>\n<li><strong>Experi\u00e8ncia en el seu Sector<\/strong>: La nostra llarga traject\u00f2ria fa que tinguem experi\u00e8ncia en els sectors m\u00e9s representatius de l&#8217;activitat empresarial a Mallorca. Una assessoria que comprengui els desafiaments i oportunitats particulars de cada sector en el qual opera la societat brinda sempre consells m\u00e9s personalitzats i efectius.<\/li>\n<li><strong>Assessorament Estrat\u00e8gic<\/strong>: Una orientaci\u00f3 estrat\u00e8gica de l&#8217;assessoria permet ajudar la societat a planificar el seu creixement, optimitzar les seves operacions i prendre decisions informades sobre inversions i expansi\u00f3.<\/li>\n<li><strong>Gesti\u00f3 de Riscos<\/strong>: La nostra assessoria ajuda les societats a identificar i gestionar riscos. Aix\u00f2 inclou avaluar riscos financers, legals i operatius, i proposar estrat\u00e8gies per a mitigar-los. La decisi\u00f3 \u00e9s sempre del client. La informaci\u00f3 l&#8217;aportem nosaltres.<\/li>\n<li><strong>Tecnologia i Automatitzaci\u00f3<\/strong>: La implementaci\u00f3 de tecnologies i sistemes d&#8217;automatitzaci\u00f3 per a simplificar processos comptables i administratius \u00e9s cada vegada m\u00e9s valuosa. A Afiesa estem al dia en eines que ens faciliten la comunicaci\u00f3 amb l&#8217;administraci\u00f3 en relaci\u00f3 als \u00e0mbits fiscal, laboral i comptable.<\/li>\n<li><strong>Atenci\u00f3 Personalitzada<\/strong>: La capacitat de proporcionar un servei personalitzat i adaptat a les necessitats espec\u00edfiques de la societat \u00e9s essencial. A Afiesa hem cregut sempre en una atenci\u00f3 individualitzada, fomentant sempre relacions estretes i una comprensi\u00f3 m\u00e9s profunda de les necessitats del negoci.<\/li>\n<li><strong>Comunicaci\u00f3 Clara<\/strong>: La transpar\u00e8ncia en la comunicaci\u00f3 \u00e9s clau. Una assessoria que pugui explicar de manera clara i comprensible conceptes legals i fiscals complexos permet que la societat prengui decisions informades.<\/li>\n<li><strong>Preus Transparents<\/strong>: La nostra transpar\u00e8ncia en l&#8217;estructura de preus i honoraris tamb\u00e9 \u00e9s valorada. Les societats aprecien saber exactament quant costaran els serveis d&#8217;assessoria i quins serveis estan inclosos.<\/li>\n<\/ul>\n<p>Si la seva empresa est\u00e0 a Mallorca i necessita assessoria mercantil, fiscal i laboral, posi&#8217;s en contacte amb nosaltres i valorarem el seu cas en concret. Trobarem un equilibri per a garantir una relaci\u00f3 de treball s\u00f2lida i beneficiosa per a la seva societat.<\/p>\n<\/div><div class=\"fusion-clearfix\"><\/div><\/div><\/div><div class=\"fusion-layout-column fusion_builder_column fusion-builder-column-2 fusion_builder_column_1_3 1_3 fusion-one-third fusion-column-last columna\" style=\"--awb-padding-top:90px;--awb-padding-right:10%;--awb-padding-bottom:90px;--awb-padding-left:10%;--awb-bg-color:#fed03d;--awb-bg-color-hover:#fed03d;--awb-bg-size:cover;width:33.333333333333%;width:calc(33.333333333333% - ( ( 4% ) * 0.33333333333333 ) );\"><div class=\"fusion-column-wrapper fusion-flex-column-wrapper-legacy\"><div class=\"fusion-title title fusion-title-2 fusion-title-text fusion-title-size-two\"><h2 class=\"fusion-title-heading title-heading-left fusion-responsive-typography-calculated\" style=\"margin:0;--fontSize:32;line-height:1.31;\"><span id=\"result_box\" class=\"short_text\" lang=\"ca\" tabindex=\"-1\"><span class=\"\">\u00ab<\/span><span class=\"\">T\u00e9<\/span> <span class=\"\">una societat o<\/span> va a crear-ne una pr\u00f2ximament?\u00bb<\/span><\/h2><span class=\"awb-title-spacer\"><\/span><div class=\"title-sep-container\"><div class=\"title-sep sep-single sep-solid\" style=\"border-color:#fed03d;\"><\/div><\/div><\/div><div class=\"fusion-text fusion-text-2\"><p><span id=\"result_box\" class=\"\" lang=\"ca\" tabindex=\"-1\">Ompli el seg\u00fcent formulari i l&#8217;atendrem personalitzadament.<\/span><\/p>\n<\/div><div class=\"fusion-text fusion-text-3\">\n<div class=\"wpcf7 no-js\" id=\"wpcf7-f1584-o1\" lang=\"es-ES\" dir=\"ltr\" data-wpcf7-id=\"1584\">\n<div class=\"screen-reader-response\"><p role=\"status\" aria-live=\"polite\" aria-atomic=\"true\"><\/p> <ul><\/ul><\/div>\n<form action=\"\/ca\/wp-json\/wp\/v2\/pages\/1599#wpcf7-f1584-o1\" method=\"post\" class=\"wpcf7-form init\" aria-label=\"Formulario de contacto\" novalidate=\"novalidate\" data-status=\"init\">\n<fieldset class=\"hidden-fields-container\"><input type=\"hidden\" name=\"_wpcf7\" value=\"1584\" \/><input type=\"hidden\" name=\"_wpcf7_version\" value=\"6.1.1\" \/><input type=\"hidden\" name=\"_wpcf7_locale\" value=\"es_ES\" \/><input type=\"hidden\" name=\"_wpcf7_unit_tag\" value=\"wpcf7-f1584-o1\" \/><input type=\"hidden\" name=\"_wpcf7_container_post\" value=\"0\" \/><input type=\"hidden\" name=\"_wpcf7_posted_data_hash\" value=\"\" \/><input type=\"hidden\" name=\"_wpcf7_recaptcha_response\" value=\"\" \/>\n<\/fieldset>\n<p><label> Nom (*)<br \/>\n<span class=\"wpcf7-form-control-wrap\" data-name=\"your-name\"><input size=\"40\" maxlength=\"400\" class=\"wpcf7-form-control wpcf7-text wpcf7-validates-as-required\" aria-required=\"true\" aria-invalid=\"false\" value=\"\" type=\"text\" name=\"your-name\" \/><\/span> <\/label>\n<\/p>\n<p><label> Email (*)<br \/>\n<span class=\"wpcf7-form-control-wrap\" data-name=\"your-email\"><input size=\"40\" maxlength=\"400\" class=\"wpcf7-form-control wpcf7-email wpcf7-validates-as-required wpcf7-text wpcf7-validates-as-email\" aria-required=\"true\" aria-invalid=\"false\" value=\"\" type=\"email\" name=\"your-email\" \/><\/span> <\/label>\n<\/p>\n<p><label> Quina dudbte\/consulta te?<br \/>\n<span class=\"wpcf7-form-control-wrap\" data-name=\"your-message\"><textarea cols=\"40\" rows=\"10\" maxlength=\"2000\" class=\"wpcf7-form-control wpcf7-textarea\" aria-invalid=\"false\" name=\"your-message\"><\/textarea><\/span> <\/label>\n<\/p>\n<p><label class=\"boton_enviar\"><input class=\"wpcf7-form-control wpcf7-submit has-spinner\" type=\"submit\" value=\"Enviar\" \/> <\/label>\n<\/p>\n\n<p>Accepti les condicions per enviar l'email\n<\/p>\n<p><span class=\"wpcf7-form-control-wrap\" data-name=\"acceptance-470\"><span class=\"wpcf7-form-control wpcf7-acceptance\"><span class=\"wpcf7-list-item\"><input type=\"checkbox\" name=\"acceptance-470\" value=\"1\" aria-invalid=\"false\" \/><\/span><\/span><\/span> He llegit i accept <a href=\"http:\/\/www.afiesa.com\/ca\/datos-personales\/\">l'\u00fas de dades personals<\/a>\n<\/p><div class=\"fusion-alert alert custom alert-custom fusion-alert-center wpcf7-response-output awb-alert-native-link-color alert-dismissable awb-alert-close-boxed\" style=\"--awb-border-size:1px;--awb-border-top-left-radius:0px;--awb-border-top-right-radius:0px;--awb-border-bottom-left-radius:0px;--awb-border-bottom-right-radius:0px;\" role=\"alert\"><div class=\"fusion-alert-content-wrapper\"><span class=\"fusion-alert-content\"><\/span><\/div><button type=\"button\" class=\"close toggle-alert\" data-dismiss=\"alert\" aria-label=\"Close\">&times;<\/button><\/div>\n<\/form>\n<\/div>\n\n<\/div><div class=\"fusion-clearfix\"><\/div><\/div><\/div><\/div><\/div><div class=\"fusion-fullwidth fullwidth-box fusion-builder-row-3 nonhundred-percent-fullwidth non-hundred-percent-height-scrolling\" style=\"--awb-border-radius-top-left:0px;--awb-border-radius-top-right:0px;--awb-border-radius-bottom-right:0px;--awb-border-radius-bottom-left:0px;--awb-background-color:#f5f5f5;--awb-flex-wrap:wrap;\" ><div class=\"fusion-builder-row fusion-row\"><div class=\"fusion-layout-column fusion_builder_column fusion-builder-column-3 fusion_builder_column_1_1 1_1 fusion-one-full fusion-column-first fusion-column-last\" style=\"--awb-bg-size:cover;\"><div class=\"fusion-column-wrapper fusion-flex-column-wrapper-legacy\"><div class=\"fusion-section-separator section-separator big-half-circle fusion-section-separator-1\" style=\"--awb-spacer-height:99px;--awb-svg-margin-left:0;--awb-svg-margin-right:0;--awb-divider-height:99px;--awb-spacer-padding-top:inherit;--awb-sep-padding:0;--awb-svg-padding:0;\"><div class=\"fusion-section-separator-svg\"><svg class=\"fusion-big-half-circle-candy\" xmlns=\"http:\/\/www.w3.org\/2000\/svg\" version=\"1.1\" width=\"100%\" height=\"100\" viewBox=\"0 0 100 100\" preserveAspectRatio=\"none\" fill=\"rgba(255,255,255,1)\"><path d=\"M0 0 C55 180 100 0 100 0 Z\"><\/path><\/svg><\/div><div class=\"fusion-section-separator-spacer\"><div class=\"fusion-section-separator-spacer-height\"><\/div><\/div><\/div><div class=\"fusion-clearfix\"><\/div><\/div><\/div><\/div><\/div><\/p>\n","protected":false},"excerpt":{"rendered":"","protected":false},"author":1,"featured_media":0,"parent":0,"menu_order":0,"comment_status":"closed","ping_status":"closed","template":"100-width.php","meta":{"footnotes":""},"class_list":["post-1599","page","type-page","status-publish","hentry"],"yoast_head":"<!-- This site is optimized with the Yoast SEO plugin v25.9 - https:\/\/yoast.com\/wordpress\/plugins\/seo\/ -->\n<title>Assessoria per a Empreses i Societats - AFIESA<\/title>\n<meta name=\"robots\" content=\"index, follow, max-snippet:-1, max-image-preview:large, max-video-preview:-1\" \/>\n<link rel=\"canonical\" href=\"https:\/\/www.afiesa.com\/ca\/assessoria-societats-mallorca\/\" \/>\n<meta property=\"og:locale\" content=\"ca_ES\" \/>\n<meta property=\"og:type\" content=\"article\" \/>\n<meta property=\"og:title\" content=\"Assessoria per a Empreses i Societats - AFIESA\" \/>\n<meta property=\"og:url\" content=\"https:\/\/www.afiesa.com\/ca\/assessoria-societats-mallorca\/\" \/>\n<meta property=\"og:site_name\" content=\"AFIESA\" \/>\n<meta property=\"article:modified_time\" content=\"2024-04-10T08:01:10+00:00\" \/>\n<meta name=\"twitter:card\" content=\"summary_large_image\" \/>\n<meta name=\"twitter:label1\" content=\"Temps estimat de lectura\" \/>\n\t<meta name=\"twitter:data1\" content=\"8 minuts\" \/>\n<script type=\"application\/ld+json\" class=\"yoast-schema-graph\">{\"@context\":\"https:\/\/schema.org\",\"@graph\":[{\"@type\":\"WebPage\",\"@id\":\"https:\/\/www.afiesa.com\/ca\/assessoria-societats-mallorca\/\",\"url\":\"https:\/\/www.afiesa.com\/ca\/assessoria-societats-mallorca\/\",\"name\":\"Assessoria per a Empreses i Societats - AFIESA\",\"isPartOf\":{\"@id\":\"https:\/\/www.afiesa.com\/#website\"},\"datePublished\":\"2017-05-08T11:04:38+00:00\",\"dateModified\":\"2024-04-10T08:01:10+00:00\",\"breadcrumb\":{\"@id\":\"https:\/\/www.afiesa.com\/ca\/assessoria-societats-mallorca\/#breadcrumb\"},\"inLanguage\":\"ca\",\"potentialAction\":[{\"@type\":\"ReadAction\",\"target\":[\"https:\/\/www.afiesa.com\/ca\/assessoria-societats-mallorca\/\"]}]},{\"@type\":\"BreadcrumbList\",\"@id\":\"https:\/\/www.afiesa.com\/ca\/assessoria-societats-mallorca\/#breadcrumb\",\"itemListElement\":[{\"@type\":\"ListItem\",\"position\":1,\"name\":\"Portada\",\"item\":\"https:\/\/www.afiesa.com\/ca\/\"},{\"@type\":\"ListItem\",\"position\":2,\"name\":\"Assessoria per a Empreses i Societats\"}]},{\"@type\":\"WebSite\",\"@id\":\"https:\/\/www.afiesa.com\/#website\",\"url\":\"https:\/\/www.afiesa.com\/\",\"name\":\"AFIESA\",\"description\":\"Gestor\u00eda\",\"potentialAction\":[{\"@type\":\"SearchAction\",\"target\":{\"@type\":\"EntryPoint\",\"urlTemplate\":\"https:\/\/www.afiesa.com\/?s={search_term_string}\"},\"query-input\":{\"@type\":\"PropertyValueSpecification\",\"valueRequired\":true,\"valueName\":\"search_term_string\"}}],\"inLanguage\":\"ca\"}]}<\/script>\n<!-- \/ Yoast SEO plugin. -->","yoast_head_json":{"title":"Assessoria per a Empreses i Societats - AFIESA","robots":{"index":"index","follow":"follow","max-snippet":"max-snippet:-1","max-image-preview":"max-image-preview:large","max-video-preview":"max-video-preview:-1"},"canonical":"https:\/\/www.afiesa.com\/ca\/assessoria-societats-mallorca\/","og_locale":"ca_ES","og_type":"article","og_title":"Assessoria per a Empreses i Societats - AFIESA","og_url":"https:\/\/www.afiesa.com\/ca\/assessoria-societats-mallorca\/","og_site_name":"AFIESA","article_modified_time":"2024-04-10T08:01:10+00:00","twitter_card":"summary_large_image","twitter_misc":{"Temps estimat de lectura":"8 minuts"},"schema":{"@context":"https:\/\/schema.org","@graph":[{"@type":"WebPage","@id":"https:\/\/www.afiesa.com\/ca\/assessoria-societats-mallorca\/","url":"https:\/\/www.afiesa.com\/ca\/assessoria-societats-mallorca\/","name":"Assessoria per a Empreses i Societats - AFIESA","isPartOf":{"@id":"https:\/\/www.afiesa.com\/#website"},"datePublished":"2017-05-08T11:04:38+00:00","dateModified":"2024-04-10T08:01:10+00:00","breadcrumb":{"@id":"https:\/\/www.afiesa.com\/ca\/assessoria-societats-mallorca\/#breadcrumb"},"inLanguage":"ca","potentialAction":[{"@type":"ReadAction","target":["https:\/\/www.afiesa.com\/ca\/assessoria-societats-mallorca\/"]}]},{"@type":"BreadcrumbList","@id":"https:\/\/www.afiesa.com\/ca\/assessoria-societats-mallorca\/#breadcrumb","itemListElement":[{"@type":"ListItem","position":1,"name":"Portada","item":"https:\/\/www.afiesa.com\/ca\/"},{"@type":"ListItem","position":2,"name":"Assessoria per a Empreses i Societats"}]},{"@type":"WebSite","@id":"https:\/\/www.afiesa.com\/#website","url":"https:\/\/www.afiesa.com\/","name":"AFIESA","description":"Gestor\u00eda","potentialAction":[{"@type":"SearchAction","target":{"@type":"EntryPoint","urlTemplate":"https:\/\/www.afiesa.com\/?s={search_term_string}"},"query-input":{"@type":"PropertyValueSpecification","valueRequired":true,"valueName":"search_term_string"}}],"inLanguage":"ca"}]}},"_links":{"self":[{"href":"https:\/\/www.afiesa.com\/ca\/wp-json\/wp\/v2\/pages\/1599","targetHints":{"allow":["GET"]}}],"collection":[{"href":"https:\/\/www.afiesa.com\/ca\/wp-json\/wp\/v2\/pages"}],"about":[{"href":"https:\/\/www.afiesa.com\/ca\/wp-json\/wp\/v2\/types\/page"}],"author":[{"embeddable":true,"href":"https:\/\/www.afiesa.com\/ca\/wp-json\/wp\/v2\/users\/1"}],"replies":[{"embeddable":true,"href":"https:\/\/www.afiesa.com\/ca\/wp-json\/wp\/v2\/comments?post=1599"}],"version-history":[{"count":5,"href":"https:\/\/www.afiesa.com\/ca\/wp-json\/wp\/v2\/pages\/1599\/revisions"}],"predecessor-version":[{"id":2111,"href":"https:\/\/www.afiesa.com\/ca\/wp-json\/wp\/v2\/pages\/1599\/revisions\/2111"}],"wp:attachment":[{"href":"https:\/\/www.afiesa.com\/ca\/wp-json\/wp\/v2\/media?parent=1599"}],"curies":[{"name":"wp","href":"https:\/\/api.w.org\/{rel}","templated":true}]}}